{"id":123,"date":"2025-07-07T10:11:20","date_gmt":"2025-07-07T10:11:20","guid":{"rendered":"https:\/\/fundacionanitahm.org\/projects\/"},"modified":"2025-12-29T16:32:23","modified_gmt":"2025-12-29T16:32:23","slug":"projects","status":"publish","type":"page","link":"https:\/\/fundacionanitahm.org\/?page_id=123","title":{"rendered":"Proyectos"},"content":{"rendered":"\n<div class=\"wp-block-group alignfull hostinger-ai-our-projects-3 hostinger-ai-fade-up has-global-padding is-layout-constrained wp-block-group-is-layout-constrained\" data-aos=\"fade-up\">\n<div class=\"wp-block-group alignwide hostinger-ai-fade-up has-x-large-font-size is-vertical is-layout-flex wp-container-core-group-is-layout-fe9cc265 wp-block-group-is-layout-flex\" data-aos=\"fade-up\">\n<h2 class=\"wp-block-heading has-text-align-left is-style-default hostinger-ai-title has-dark-color has-text-color has-link-color has-x-large-font-size wp-elements-d857810bef52762913b0370dad29a54e\" style=\"margin-top:0;margin-right:var(--wp--preset--spacing--80);margin-bottom:var(--wp--preset--spacing--20)\"><strong>COCINANDO CON LAS REINAS, ALEGRANDO SU CORAZON<\/strong><\/h2>\n<\/div>\n\n\n\n<div class=\"wp-block-group alignwide project-item hostinger-ai-fade-up is-layout-grid wp-container-core-group-is-layout-be66fcb3 wp-block-group-is-layout-grid\" data-aos=\"fade-up\" style=\"padding-top:var(--wp--preset--spacing--40);padding-right:0;padding-bottom:var(--wp--preset--spacing--60);padding-left:0\">\n<div class=\"wp-block-group project-item-content hostinger-ai-fade-up wp-container-content-5e2576f9 has-global-padding is-layout-constrained wp-container-core-group-is-layout-c03a8d5b wp-block-group-is-layout-constrained\" data-aos=\"fade-up\" style=\"padding-right:var(--wp--preset--spacing--60);padding-left:0\">\n<h2 class=\"wp-block-heading hostinger-ai-project-title has-dark-color has-text-color has-link-color has-x-large-font-size wp-elements-58a3ebd864e475264a999ef100c8601b\" style=\"margin-top:0;margin-right:0;margin-bottom:0;margin-left:0;padding-bottom:var(--wp--preset--spacing--20)\"><strong>Objetivo general:<\/strong><\/h2>\n\n\n\n<div style=\"text-align: justify;\"><p class=\"hostinger-ai-project-description has-dark-color has-text-color has-link-color has-medium-font-size\" style=\"margin-top:0;margin-bottom:var(--wp--preset--spacing--50)\">Brindar capacitaci\u00f3n en panader\u00eda y reposter\u00eda a mujeres y madres solteras de escasos recursos del municipio de El Torno, con el fin de fortalecer la autosostenibilidad de sus hogares y ofrecer un espacio donde puedan conocer el mensaje transformador de Jesucristo.<\/p><\/div>\n<\/div>\n\n\n\n<div class=\"wp-block-group hostinger-ai-fade-up has-global-padding is-layout-constrained wp-block-group-is-layout-constrained\" data-aos=\"fade-up\">\n<figure class=\"wp-block-image size-large\"><img loading=\"lazy\" decoding=\"async\" width=\"1024\" height=\"779\" src=\"https:\/\/fundacionanitahm.org\/wp-content\/uploads\/2025\/12\/WhatsApp-Image-2025-12-29-at-12.03.35-1024x779.jpeg\" alt=\"\" class=\"wp-image-278\" srcset=\"https:\/\/fundacionanitahm.org\/wp-content\/uploads\/2025\/12\/WhatsApp-Image-2025-12-29-at-12.03.35-1024x779.jpeg 1024w, https:\/\/fundacionanitahm.org\/wp-content\/uploads\/2025\/12\/WhatsApp-Image-2025-12-29-at-12.03.35-300x228.jpeg 300w, https:\/\/fundacionanitahm.org\/wp-content\/uploads\/2025\/12\/WhatsApp-Image-2025-12-29-at-12.03.35-768x584.jpeg 768w, https:\/\/fundacionanitahm.org\/wp-content\/uploads\/2025\/12\/WhatsApp-Image-2025-12-29-at-12.03.35.jpeg 1061w\" sizes=\"auto, (max-width: 1024px) 100vw, 1024px\" \/><\/figure>\n<\/div>\n<\/div>\n\n\n\n<div class=\"wp-block-group alignwide project-item hostinger-ai-fade-up is-layout-grid wp-container-core-group-is-layout-be66fcb3 wp-block-group-is-layout-grid\" data-aos=\"fade-up\" style=\"padding-top:var(--wp--preset--spacing--40);padding-right:0;padding-bottom:var(--wp--preset--spacing--60);padding-left:0\">\n<div class=\"wp-block-group project-item-content hostinger-ai-fade-up wp-container-content-5e2576f9 is-vertical is-content-justification-left is-nowrap is-layout-flex wp-container-core-group-is-layout-f26a4d82 wp-block-group-is-layout-flex\" data-aos=\"fade-up\" style=\"padding-right:var(--wp--preset--spacing--60);padding-left:0\">\n<h2 class=\"wp-block-heading hostinger-ai-project-title hostinger-index-1 has-dark-color has-text-color has-link-color has-x-large-font-size wp-elements-d02acd1b4eefa3bfdc8bfb8be57a2298\" style=\"margin-top:0;margin-right:0;margin-bottom:0;margin-left:0;padding-bottom:var(--wp--preset--spacing--20)\"><strong>Objetivos espec\u00edficos:<\/strong><\/h2>\n\n\n\n<p class=\"hostinger-ai-project-description hostinger-index-1 has-dark-color has-text-color has-link-color has-medium-font-size wp-elements-1f1d7cd307c0b6a806838dc5fe004d2a\" style=\"margin-top:0;margin-bottom:var(--wp--preset--spacing--50)\"><\/p>\n\n\n\n<ol class=\"wp-block-list\">\n<div style=\"text-align: justify;\"><li>Capacitar a las participantes en la elaboraci\u00f3n de productos de reposter\u00eda y panader\u00eda b\u00e1sica y artesanal, mediante la ense\u00f1anza de t\u00e9cnicas espec\u00edficas de preparaci\u00f3n, horneado, decoraci\u00f3n y conservaci\u00f3n utilizando herramientas y procesos adecuados que les permitan alcanzar est\u00e1ndares de calidad para su comercializaci\u00f3n.<\/li><\/div>\n\n\n\n<div style=\"text-align: justify;\"><li>Ense\u00f1ar principios b\u00e1sicos de administraci\u00f3n financiera, incluyendo presupuestos, costos, inversi\u00f3n inicial y manejo de capital, con el fin de que las participantes puedan gestionar de forma sostenible sus emprendimientos de reporter\u00eda y panader\u00eda.<\/li><\/div>\n\n\n\n<div style=\"text-align: justify;\"><li>Compartir principios cristianos y el mensaje de salvaci\u00f3n generando un espacio de esperanza y crecimiento espiritual a trav\u00e9s de devocionales, testimonios, din\u00e1micas y relaciones personales.<\/li><\/div>\n<\/ol>\n\n\n\n<p><\/p>\n<\/div>\n\n\n\n<div class=\"wp-block-group hostinger-ai-fade-up has-global-padding is-layout-constrained wp-block-group-is-layout-constrained\" data-aos=\"fade-up\">\n<figure class=\"wp-block-image size-large\"><img loading=\"lazy\" decoding=\"async\" width=\"1024\" height=\"750\" src=\"https:\/\/fundacionanitahm.org\/wp-content\/uploads\/2025\/12\/WhatsApp-Image-2025-12-29-at-12.03.34-1-1024x750.jpeg\" alt=\"\" class=\"wp-image-279\" srcset=\"https:\/\/fundacionanitahm.org\/wp-content\/uploads\/2025\/12\/WhatsApp-Image-2025-12-29-at-12.03.34-1-1024x750.jpeg 1024w, https:\/\/fundacionanitahm.org\/wp-content\/uploads\/2025\/12\/WhatsApp-Image-2025-12-29-at-12.03.34-1-300x220.jpeg 300w, https:\/\/fundacionanitahm.org\/wp-content\/uploads\/2025\/12\/WhatsApp-Image-2025-12-29-at-12.03.34-1-768x562.jpeg 768w, https:\/\/fundacionanitahm.org\/wp-content\/uploads\/2025\/12\/WhatsApp-Image-2025-12-29-at-12.03.34-1.jpeg 1080w\" sizes=\"auto, (max-width: 1024px) 100vw, 1024px\" \/><\/figure>\n<\/div>\n<\/div>\n<\/div>\n\n\n\n<div class=\"wp-block-group alignfull hostinger-ai-gallery-8 hostinger-ai-fade-up is-layout-flow wp-block-group-is-layout-flow\" data-aos=\"fade-up\">\n<div class=\"wp-block-group hostinger-ai-fade-up has-global-padding is-content-justification-center is-layout-constrained wp-block-group-is-layout-constrained\" data-aos=\"fade-up\" style=\"margin-top:0;margin-bottom:var(--wp--preset--spacing--60)\">\n<div class=\"wp-block-columns alignwide is-layout-flex wp-container-core-columns-is-layout-28f84493 wp-block-columns-is-layout-flex\">\n<div class=\"wp-block-column is-layout-flow wp-block-column-is-layout-flow\">\n<p class=\"has-x-large-font-size\"><strong>Espec\u00edficamente a quienes beneficia:<\/strong><\/p>\n\n\n\n<p><div style=\"text-align: justify;\"><p>Beneficiar\u00e1 mujeres, j\u00f3venes y adolescentes, madres de escasos de recursos en situaci\u00f3n de vulnerabilidad del Municipio del El Torno, que quieren aprender t\u00e9cnicas de reposter\u00eda y panader\u00eda para desarrollar emprendimientos productivos que contribuyan a la mejora de su calidad vida y la estabilidad econ\u00f3mica de sus hogares. Y este proceso sirva como plataforma para el crecimiento espiritual y comunitario, generando un impacto positivo en sus entornos sociales y promoviendo la resiliencia y autonom\u00eda personal.<\/p><\/div><\/p>\n\n\n\n<p>Este proyecto ser\u00e1 ejecuta en instalaciones de la Iglesia Bautista Vida Nueva, ya que actualmente cuenta con un ambiente equipado de cocina, horno y mes\u00f3n.<\/p>\n<\/div>\n\n\n\n<div class=\"wp-block-column is-layout-flow wp-block-column-is-layout-flow\">\n<figure class=\"wp-block-image size-large\"><img loading=\"lazy\" decoding=\"async\" width=\"794\" height=\"1024\" src=\"https:\/\/fundacionanitahm.org\/wp-content\/uploads\/2025\/12\/WhatsApp-Image-2025-12-29-at-12.03.34-794x1024.jpeg\" alt=\"\" class=\"wp-image-277\" srcset=\"https:\/\/fundacionanitahm.org\/wp-content\/uploads\/2025\/12\/WhatsApp-Image-2025-12-29-at-12.03.34-794x1024.jpeg 794w, https:\/\/fundacionanitahm.org\/wp-content\/uploads\/2025\/12\/WhatsApp-Image-2025-12-29-at-12.03.34-233x300.jpeg 233w, https:\/\/fundacionanitahm.org\/wp-content\/uploads\/2025\/12\/WhatsApp-Image-2025-12-29-at-12.03.34-768x991.jpeg 768w, https:\/\/fundacionanitahm.org\/wp-content\/uploads\/2025\/12\/WhatsApp-Image-2025-12-29-at-12.03.34.jpeg 1080w\" sizes=\"auto, (max-width: 794px) 100vw, 794px\" \/><\/figure>\n<\/div>\n<\/div>\n<\/div>\n<\/div>\n\n\n\n<div class=\"wp-block-group hostinger-ai-fade-up wp-container-content-69bc4bdf is-vertical is-content-justification-left is-nowrap is-layout-flex wp-container-core-group-is-layout-cb02dbd6 wp-block-group-is-layout-flex\" data-aos=\"fade-up\" style=\"padding-right:var(--wp--preset--spacing--60);padding-left:var(--wp--preset--spacing--60)\">\n<p><\/p>\n\n\n\n<div class=\"wp-block-buttons is-layout-flex wp-block-buttons-is-layout-flex\">\n<div class=\"wp-block-button hostinger-ai-cta-button hostinger-index-0\"><a class=\"wp-block-button__link has-light-color has-vivid-red-background-color has-text-color has-background has-link-color has-border-color has-large-font-size has-custom-font-size wp-element-button\" href=\"https:\/\/fundacionanitahm.org\/?page_id=185\" style=\"border-color:#0d141a;border-width:1px;border-radius:50px;padding-top:var(--wp--preset--spacing--30);padding-right:var(--wp--preset--spacing--70);padding-bottom:var(--wp--preset--spacing--30);padding-left:var(--wp--preset--spacing--70);box-shadow:none\">Donar<\/a><\/div>\n<\/div>\n<\/div>\n","protected":false},"excerpt":{"rendered":"<p>COCINANDO CON LAS REINAS, ALEGRANDO SU CORAZON Objetivo general: Brindar capacitaci\u00f3n en panader\u00eda y reposter\u00eda a mujeres y madres solteras de escasos recursos del municipio de El Torno, con el fin de fortalecer la autosostenibilidad de sus hogares y ofrecer un espacio donde puedan conocer el mensaje transformador de Jesucristo. Objetivos espec\u00edficos: Espec\u00edficamente a quienes [&hellip;]<\/p>\n","protected":false},"author":1,"featured_media":0,"parent":0,"menu_order":0,"comment_status":"closed","ping_status":"closed","template":"","meta":{"footnotes":""},"class_list":["post-123","page","type-page","status-publish","hentry"],"_links":{"self":[{"href":"https:\/\/fundacionanitahm.org\/index.php?rest_route=\/wp\/v2\/pages\/123","targetHints":{"allow":["GET"]}}],"collection":[{"href":"https:\/\/fundacionanitahm.org\/index.php?rest_route=\/wp\/v2\/pages"}],"about":[{"href":"https:\/\/fundacionanitahm.org\/index.php?rest_route=\/wp\/v2\/types\/page"}],"author":[{"embeddable":true,"href":"https:\/\/fundacionanitahm.org\/index.php?rest_route=\/wp\/v2\/users\/1"}],"replies":[{"embeddable":true,"href":"https:\/\/fundacionanitahm.org\/index.php?rest_route=%2Fwp%2Fv2%2Fcomments&post=123"}],"version-history":[{"count":17,"href":"https:\/\/fundacionanitahm.org\/index.php?rest_route=\/wp\/v2\/pages\/123\/revisions"}],"predecessor-version":[{"id":294,"href":"https:\/\/fundacionanitahm.org\/index.php?rest_route=\/wp\/v2\/pages\/123\/revisions\/294"}],"wp:attachment":[{"href":"https:\/\/fundacionanitahm.org\/index.php?rest_route=%2Fwp%2Fv2%2Fmedia&parent=123"}],"curies":[{"name":"wp","href":"https:\/\/api.w.org\/{rel}","templated":true}]}}