{"id":3,"date":"2025-07-06T17:05:25","date_gmt":"2025-07-06T17:05:25","guid":{"rendered":"http:\/\/fundacionanitahm.org\/?page_id=3"},"modified":"2026-03-13T01:00:22","modified_gmt":"2026-03-13T01:00:22","slug":"directorio","status":"publish","type":"page","link":"https:\/\/fundacionanitahm.org\/?page_id=3","title":{"rendered":"Directorio"},"content":{"rendered":"\n<h2 class=\"wp-block-heading\"><br>MENSAJE DEL DIRECTORIO<\/h2>\n\n\n\n<p>Estimados colaboradores, aliados, voluntarios y amigos de la Fundaci\u00f3n:<\/p>\n\n\n\n<p>El a\u00f1o 2024 ha sido un periodo de grandes desaf\u00edos y tambi\u00e9n de significativos logros para la Fundaci\u00f3n Anita Heredia Melendres. En un contexto marcado por la crisis econ\u00f3mica, pol\u00edtica y social que atraviesa nuestro pa\u00eds, y que ha llevado a muchas familias a migrar en busca de mejores oportunidades\u2014 , nuestra Fundaci\u00f3n se ha mantenido firme en su compromiso de brindar acompa\u00f1amiento integral a ni\u00f1os, adolescentes y j\u00f3venes de escasos recursos. Nos llena de alegr\u00eda compartir que durante este a\u00f1o hemos logrado atender a 619 ni\u00f1as, ni\u00f1os, adolescentes y j\u00f3venes, apoy\u00e1ndoles en su desarrollo social, educativo y de salud, a trav\u00e9s de nuestros dos proyectos en convenio con Compassion. Adem\u00e1s, celebramos con orgullo la promoci\u00f3n de 24 j\u00f3venes que han finalizado su proceso en el programa, de los cuales 3 con excelencia, marcando una nueva etapa en sus vidas con mayores oportunidades y herramientas para el futuro.<\/p>\n\n\n\n<p>Estos resultados han sido posibles gracias al esfuerzo y compromiso de nuestro equipo de trabajo, voluntarios, aliados estrat\u00e9gicos y donantes, a quienes expresamos nuestro m\u00e1s sincero agradecimiento. Cada aporte y cada gesto de apoyo ha sido fundamental para seguir construyendo esperanza y oportunidades.<\/p>\n\n\n\n<p>Sabemos que a\u00fan enfrentamos importantes retos. Los recursos econ\u00f3micos limitados y la necesidad de fortalecer nuestra estructura institucional, a trav\u00e9s del desarrollo de pol\u00edticas, planes y nuevos proyectos, son desaf\u00edos que asumimos con responsabilidad y visi\u00f3n. Nos encontramos en un proceso de reflexi\u00f3n y construcci\u00f3n que busca asegurar la sostenibilidad y vigencia de la Fundaci\u00f3n en nuestra comunidad.<\/p>\n\n\n\n<p>De cara al 2025, nuestro prop\u00f3sito es claro: impulsar planes y proyectos que nos permitan ampliar nuestro impacto y llegar a m\u00e1s familias que necesitan una mano solidaria. Queremos consolidarnos como un referente de compromiso social, con una gesti\u00f3n transparente y centrada en el bienestar de<\/p>\n\n\n\n<p>quienes m\u00e1s lo necesitan.<\/p>\n\n\n\n<p>Gracias por ser parte de esta misi\u00f3n. Sigamos construyendo juntos un futuro con m\u00e1s justicia, oportunidades y esperanza para nuestra ni\u00f1ez y juventud.<\/p>\n\n\n\n<p>Con gratitud,<\/p>\n\n\n\n<p>EL DIRECTORIO<\/p>\n\n\n\n<p>Fundaci\u00f3n Anita Heredia Melendres<\/p>\n\n\n\n<p><\/p>\n\n\n\n<p><h1><strong>Directorio FAHM 2025<\/strong><\/h1><\/p>\n\n\n\t\t\n\t\t<div id=\"gs_team_area_1\" data-shortcode-id=\"1\" class=\"wrap gs_team_area gs_team_loading gs-grid-style-four gs_tm_theme_v_2 \" data-options='{\"search_through_all_fields\":\"off\",\"enable_clear_filters\":\"off\",\"reset_filters_text\":\"\",\"enable_multi_select\":\"off\",\"multi_select_ellipsis\":\"off\",\"next_txt\":\"\",\"prev_txt\":\"\",\"load_per_click\":3,\"initial_items\":6}' style=\"visibility: hidden; opacity: 0;\">\n\t\n\t\t\t\n<!-- Container for Team members -->\n<div class=\"gs-containeer cbp-so-scroller\">\n\n\t\t\n\t<div class=\"gs-roow clearfix gs_team\" >\n\t\n\t\t\n\t\t\t<!-- Start single member -->\n\t\t\t<div class=\"single-member-div gs-col-lg-4 gs-col-md-4 gs-col-sm-6 gs-col-xs-12 single-member-pop cbp-so-section\" >\n\t\t\t\t\n\t\t\t\t<!-- Sehema & Single member wrapper -->\n\t\t\t\t<div class=\"single-member\" itemscope itemtype=\"http:\/\/schema.org\/Person\">\n\n\t\t\t\t\t<span class=\"gs-team-member--zip-codes\" style=\"display:none!important\"><\/span>\t\t\t\t\t\t\n\t\t\t\t\t<!-- Team Image -->\n\t\t\t\t\t<div class=\"gs_team_image__wrapper\">\n\n\t\t\t\t\t\t<!-- Image -->\n\t\t\t\t\t\t<a class=\"gs_team_pop open-popup-link \" data-mfp-src=\"#gs_team_popup_423_1\" data-theme=\"gs-team-popup--default\" href=\"#\"><img loading=\"lazy\" decoding=\"async\" width=\"934\" height=\"1024\" src=\"https:\/\/fundacionanitahm.org\/wp-content\/uploads\/2020\/08\/Celin-934x1024.png\" class=\"gs_team_member--image wp-post-image\" alt=\"Celin Noe Vidaurre Beltran\" itemprop=\"image\" srcset=\"https:\/\/fundacionanitahm.org\/wp-content\/uploads\/2020\/08\/Celin-934x1024.png 934w, https:\/\/fundacionanitahm.org\/wp-content\/uploads\/2020\/08\/Celin-274x300.png 274w, https:\/\/fundacionanitahm.org\/wp-content\/uploads\/2020\/08\/Celin-768x842.png 768w, https:\/\/fundacionanitahm.org\/wp-content\/uploads\/2020\/08\/Celin.png 1024w\" sizes=\"auto, (max-width: 934px) 100vw, 934px\" \/><div class=\"gs_team_image__overlay\"><\/div><\/a>\t\t\t\t\t\t\n\t\t\t\t\t\t<!-- Overlay -->\n\t\t\t\t\t\t\n\t\t\t\t\t\t<!-- Ribbon -->\n\t\t\t\t\t\t\n\t\t\t\t\t\t\n\t\t\t\t\t<\/div>\n\n\t\t\t\t\t<!-- Member Name -->\n\t\t\t\t\t<div class=\"gs_member_info\">\n\n\t\t\t\t\t\t<!-- Member Name -->\n\t\t\t\t\t\t<div class=\"gs-member-name \"><a itemprop=\"name\" class=\"gs_team_pop open-popup-link\" data-mfp-src=\"#gs_team_popup_423_1\" data-theme=\"gs-team-popup--default\" href=\"#\">Celin Noe Vidaurre Beltran<\/a><\/div>\t\t\t\t\t\t\n\t\t\t\t\t\t<!-- Member Designation -->\n\t\t\t\t\t\t<div class=\"gs-member-desig\" itemprop=\"jobTitle\">Presidente<\/div>\n\t\t\t\t\t\t\n\t\t\t\t\t\t<!-- Social Links -->\n\t\t\t\t\t\t<div class=\"single-mem-desc-social\">\n\t\t\t\t\t\t\t\t\t\t\t\t\t<\/div>\n\t\t\t\t\t\t\n\t\t\t\t\t<\/div>\n\n\t\t\t\t<\/div>\n\t\t\t\t\n\t\t\t\t<!-- Popup -->\n\t\t\t\t\n<div id=\"gs_team_popup_423_1\" class=\"gs_team_popup_shortcode_1 white-popup mfp-hide mfp-with-anim gs_team_popup default\">\n    <div class=\"mfp-content--container\">\n        \n    <div class=\"gs_team_popup_left__wrapper\">\n    \n        <!-- Team Image -->\n        <div class=\"gs_team_popup_img\">\n            <img loading=\"lazy\" decoding=\"async\" width=\"934\" height=\"1024\" src=\"https:\/\/fundacionanitahm.org\/wp-content\/uploads\/2020\/08\/Celin-934x1024.png\" class=\"gs_team_member--image wp-post-image\" alt=\"Celin Noe Vidaurre Beltran\" itemprop=\"image\" srcset=\"https:\/\/fundacionanitahm.org\/wp-content\/uploads\/2020\/08\/Celin-934x1024.png 934w, https:\/\/fundacionanitahm.org\/wp-content\/uploads\/2020\/08\/Celin-274x300.png 274w, https:\/\/fundacionanitahm.org\/wp-content\/uploads\/2020\/08\/Celin-768x842.png 768w, https:\/\/fundacionanitahm.org\/wp-content\/uploads\/2020\/08\/Celin.png 1024w\" sizes=\"auto, (max-width: 934px) 100vw, 934px\" \/>                    <\/div>\n\n        <!-- Meta Details -->\n        \n<div class=\"gstm-details\">\n    \n    \n    \n    \n    \n    \n    \n    \n    \n    \n    \n    \n    \n    \n    \n        \n<\/div>\n\n\n    <\/div>\n\n    <div class=\"gs_team_popup_details gs-tm-sicons\">\n        \n        <!-- Single member name -->\n        <h2 class=\"gs-member-name \">Celin Noe Vidaurre Beltran<\/h2>        \n        <!-- Single member designation -->\n                    <div class=\"gs-member-desig\" itemprop=\"jobTitle\">Presidente<\/div>\n                    \n        <!-- Social Links -->\n        \n        <!-- Description -->\n        <div class=\"gs-member-desc gs-team--scrollbar\" itemprop=\"description\"><p>Auditor Financiero<\/p>\n<\/div>\n        \n        <!-- Skills -->\n        \n    <\/div>\n\n    <\/div>\n<\/div>\n\t\t\t<\/div>\n\n\t\t\n\t\t\t<!-- Start single member -->\n\t\t\t<div class=\"single-member-div gs-col-lg-4 gs-col-md-4 gs-col-sm-6 gs-col-xs-12 single-member-pop cbp-so-section\" >\n\t\t\t\t\n\t\t\t\t<!-- Sehema & Single member wrapper -->\n\t\t\t\t<div class=\"single-member\" itemscope itemtype=\"http:\/\/schema.org\/Person\">\n\n\t\t\t\t\t<span class=\"gs-team-member--zip-codes\" style=\"display:none!important\"><\/span>\t\t\t\t\t\t\n\t\t\t\t\t<!-- Team Image -->\n\t\t\t\t\t<div class=\"gs_team_image__wrapper\">\n\n\t\t\t\t\t\t<!-- Image -->\n\t\t\t\t\t\t<a class=\"gs_team_pop open-popup-link \" data-mfp-src=\"#gs_team_popup_421_1\" data-theme=\"gs-team-popup--default\" href=\"#\"><img loading=\"lazy\" decoding=\"async\" width=\"934\" height=\"1024\" src=\"https:\/\/fundacionanitahm.org\/wp-content\/uploads\/2026\/03\/Jose-1-934x1024.png\" class=\"gs_team_member--image wp-post-image\" alt=\"Jos\u00e9 Monta\u00f1o Vacadiez\" itemprop=\"image\" srcset=\"https:\/\/fundacionanitahm.org\/wp-content\/uploads\/2026\/03\/Jose-1-934x1024.png 934w, https:\/\/fundacionanitahm.org\/wp-content\/uploads\/2026\/03\/Jose-1-274x300.png 274w, https:\/\/fundacionanitahm.org\/wp-content\/uploads\/2026\/03\/Jose-1-768x842.png 768w, https:\/\/fundacionanitahm.org\/wp-content\/uploads\/2026\/03\/Jose-1.png 1024w\" sizes=\"auto, (max-width: 934px) 100vw, 934px\" \/><div class=\"gs_team_image__overlay\"><\/div><\/a>\t\t\t\t\t\t\n\t\t\t\t\t\t<!-- Overlay -->\n\t\t\t\t\t\t\n\t\t\t\t\t\t<!-- Ribbon -->\n\t\t\t\t\t\t\n\t\t\t\t\t\t\n\t\t\t\t\t<\/div>\n\n\t\t\t\t\t<!-- Member Name -->\n\t\t\t\t\t<div class=\"gs_member_info\">\n\n\t\t\t\t\t\t<!-- Member Name -->\n\t\t\t\t\t\t<div class=\"gs-member-name \"><a itemprop=\"name\" class=\"gs_team_pop open-popup-link\" data-mfp-src=\"#gs_team_popup_421_1\" data-theme=\"gs-team-popup--default\" href=\"#\">Jos\u00e9 Monta\u00f1o Vacadiez<\/a><\/div>\t\t\t\t\t\t\n\t\t\t\t\t\t<!-- Member Designation -->\n\t\t\t\t\t\t<div class=\"gs-member-desig\" itemprop=\"jobTitle\">Vice-Presidente<\/div>\n\t\t\t\t\t\t\n\t\t\t\t\t\t<!-- Social Links -->\n\t\t\t\t\t\t<div class=\"single-mem-desc-social\">\n\t\t\t\t\t\t\t\t\t\t\t\t\t<\/div>\n\t\t\t\t\t\t\n\t\t\t\t\t<\/div>\n\n\t\t\t\t<\/div>\n\t\t\t\t\n\t\t\t\t<!-- Popup -->\n\t\t\t\t\n<div id=\"gs_team_popup_421_1\" class=\"gs_team_popup_shortcode_1 white-popup mfp-hide mfp-with-anim gs_team_popup default\">\n    <div class=\"mfp-content--container\">\n        \n    <div class=\"gs_team_popup_left__wrapper\">\n    \n        <!-- Team Image -->\n        <div class=\"gs_team_popup_img\">\n            <img loading=\"lazy\" decoding=\"async\" width=\"934\" height=\"1024\" src=\"https:\/\/fundacionanitahm.org\/wp-content\/uploads\/2026\/03\/Jose-1-934x1024.png\" class=\"gs_team_member--image wp-post-image\" alt=\"Jos\u00e9 Monta\u00f1o Vacadiez\" itemprop=\"image\" srcset=\"https:\/\/fundacionanitahm.org\/wp-content\/uploads\/2026\/03\/Jose-1-934x1024.png 934w, https:\/\/fundacionanitahm.org\/wp-content\/uploads\/2026\/03\/Jose-1-274x300.png 274w, https:\/\/fundacionanitahm.org\/wp-content\/uploads\/2026\/03\/Jose-1-768x842.png 768w, https:\/\/fundacionanitahm.org\/wp-content\/uploads\/2026\/03\/Jose-1.png 1024w\" sizes=\"auto, (max-width: 934px) 100vw, 934px\" \/>                    <\/div>\n\n        <!-- Meta Details -->\n        \n<div class=\"gstm-details\">\n    \n    \n    \n    \n    \n    \n    \n    \n    \n    \n    \n    \n    \n    \n    \n        \n<\/div>\n\n\n    <\/div>\n\n    <div class=\"gs_team_popup_details gs-tm-sicons\">\n        \n        <!-- Single member name -->\n        <h2 class=\"gs-member-name \">Jos\u00e9 Monta\u00f1o Vacadiez<\/h2>        \n        <!-- Single member designation -->\n                    <div class=\"gs-member-desig\" itemprop=\"jobTitle\">Vice-Presidente<\/div>\n                    \n        <!-- Social Links -->\n        \n        <!-- Description -->\n        <div class=\"gs-member-desc gs-team--scrollbar\" itemprop=\"description\"><p>Administrador Financiero<\/p>\n<\/div>\n        \n        <!-- Skills -->\n        \n    <\/div>\n\n    <\/div>\n<\/div>\n\t\t\t<\/div>\n\n\t\t\n\t\t\t<!-- Start single member -->\n\t\t\t<div class=\"single-member-div gs-col-lg-4 gs-col-md-4 gs-col-sm-6 gs-col-xs-12 single-member-pop cbp-so-section\" >\n\t\t\t\t\n\t\t\t\t<!-- Sehema & Single member wrapper -->\n\t\t\t\t<div class=\"single-member\" itemscope itemtype=\"http:\/\/schema.org\/Person\">\n\n\t\t\t\t\t<span class=\"gs-team-member--zip-codes\" style=\"display:none!important\"><\/span>\t\t\t\t\t\t\n\t\t\t\t\t<!-- Team Image -->\n\t\t\t\t\t<div class=\"gs_team_image__wrapper\">\n\n\t\t\t\t\t\t<!-- Image -->\n\t\t\t\t\t\t<a class=\"gs_team_pop open-popup-link \" data-mfp-src=\"#gs_team_popup_420_1\" data-theme=\"gs-team-popup--default\" href=\"#\"><img loading=\"lazy\" decoding=\"async\" width=\"934\" height=\"1024\" src=\"https:\/\/fundacionanitahm.org\/wp-content\/uploads\/2026\/03\/Queen-934x1024.png\" class=\"gs_team_member--image wp-post-image\" alt=\"Queen Olga Andrade Valenzuela\" itemprop=\"image\" srcset=\"https:\/\/fundacionanitahm.org\/wp-content\/uploads\/2026\/03\/Queen-934x1024.png 934w, https:\/\/fundacionanitahm.org\/wp-content\/uploads\/2026\/03\/Queen-274x300.png 274w, https:\/\/fundacionanitahm.org\/wp-content\/uploads\/2026\/03\/Queen-768x842.png 768w, https:\/\/fundacionanitahm.org\/wp-content\/uploads\/2026\/03\/Queen.png 1024w\" sizes=\"auto, (max-width: 934px) 100vw, 934px\" \/><div class=\"gs_team_image__overlay\"><\/div><\/a>\t\t\t\t\t\t\n\t\t\t\t\t\t<!-- Overlay -->\n\t\t\t\t\t\t\n\t\t\t\t\t\t<!-- Ribbon -->\n\t\t\t\t\t\t\n\t\t\t\t\t\t\n\t\t\t\t\t<\/div>\n\n\t\t\t\t\t<!-- Member Name -->\n\t\t\t\t\t<div class=\"gs_member_info\">\n\n\t\t\t\t\t\t<!-- Member Name -->\n\t\t\t\t\t\t<div class=\"gs-member-name \"><a itemprop=\"name\" class=\"gs_team_pop open-popup-link\" data-mfp-src=\"#gs_team_popup_420_1\" data-theme=\"gs-team-popup--default\" href=\"#\">Queen Olga Andrade Valenzuela<\/a><\/div>\t\t\t\t\t\t\n\t\t\t\t\t\t<!-- Member Designation -->\n\t\t\t\t\t\t<div class=\"gs-member-desig\" itemprop=\"jobTitle\">Secretaria<\/div>\n\t\t\t\t\t\t\n\t\t\t\t\t\t<!-- Social Links -->\n\t\t\t\t\t\t<div class=\"single-mem-desc-social\">\n\t\t\t\t\t\t\t\t\t\t\t\t\t<\/div>\n\t\t\t\t\t\t\n\t\t\t\t\t<\/div>\n\n\t\t\t\t<\/div>\n\t\t\t\t\n\t\t\t\t<!-- Popup -->\n\t\t\t\t\n<div id=\"gs_team_popup_420_1\" class=\"gs_team_popup_shortcode_1 white-popup mfp-hide mfp-with-anim gs_team_popup default\">\n    <div class=\"mfp-content--container\">\n        \n    <div class=\"gs_team_popup_left__wrapper\">\n    \n        <!-- Team Image -->\n        <div class=\"gs_team_popup_img\">\n            <img loading=\"lazy\" decoding=\"async\" width=\"934\" height=\"1024\" src=\"https:\/\/fundacionanitahm.org\/wp-content\/uploads\/2026\/03\/Queen-934x1024.png\" class=\"gs_team_member--image wp-post-image\" alt=\"Queen Olga Andrade Valenzuela\" itemprop=\"image\" srcset=\"https:\/\/fundacionanitahm.org\/wp-content\/uploads\/2026\/03\/Queen-934x1024.png 934w, https:\/\/fundacionanitahm.org\/wp-content\/uploads\/2026\/03\/Queen-274x300.png 274w, https:\/\/fundacionanitahm.org\/wp-content\/uploads\/2026\/03\/Queen-768x842.png 768w, https:\/\/fundacionanitahm.org\/wp-content\/uploads\/2026\/03\/Queen.png 1024w\" sizes=\"auto, (max-width: 934px) 100vw, 934px\" \/>                    <\/div>\n\n        <!-- Meta Details -->\n        \n<div class=\"gstm-details\">\n    \n    \n    \n    \n    \n    \n    \n    \n    \n    \n    \n    \n    \n    \n    \n        \n<\/div>\n\n\n    <\/div>\n\n    <div class=\"gs_team_popup_details gs-tm-sicons\">\n        \n        <!-- Single member name -->\n        <h2 class=\"gs-member-name \">Queen Olga Andrade Valenzuela<\/h2>        \n        <!-- Single member designation -->\n                    <div class=\"gs-member-desig\" itemprop=\"jobTitle\">Secretaria<\/div>\n                    \n        <!-- Social Links -->\n        \n        <!-- Description -->\n        <div class=\"gs-member-desc gs-team--scrollbar\" itemprop=\"description\"><p>Psic\u00f3loga<\/p>\n<\/div>\n        \n        <!-- Skills -->\n        \n    <\/div>\n\n    <\/div>\n<\/div>\n\t\t\t<\/div>\n\n\t\t\n\t\t\t<!-- Start single member -->\n\t\t\t<div class=\"single-member-div gs-col-lg-4 gs-col-md-4 gs-col-sm-6 gs-col-xs-12 single-member-pop cbp-so-section\" >\n\t\t\t\t\n\t\t\t\t<!-- Sehema & Single member wrapper -->\n\t\t\t\t<div class=\"single-member\" itemscope itemtype=\"http:\/\/schema.org\/Person\">\n\n\t\t\t\t\t<span class=\"gs-team-member--zip-codes\" style=\"display:none!important\"><\/span>\t\t\t\t\t\t\n\t\t\t\t\t<!-- Team Image -->\n\t\t\t\t\t<div class=\"gs_team_image__wrapper\">\n\n\t\t\t\t\t\t<!-- Image -->\n\t\t\t\t\t\t<a class=\"gs_team_pop open-popup-link \" data-mfp-src=\"#gs_team_popup_418_1\" data-theme=\"gs-team-popup--default\" href=\"#\"><img loading=\"lazy\" decoding=\"async\" width=\"934\" height=\"1024\" src=\"https:\/\/fundacionanitahm.org\/wp-content\/uploads\/2026\/03\/Evelin-934x1024.png\" class=\"gs_team_member--image wp-post-image\" alt=\"Evelin Daza Guzman\" itemprop=\"image\" srcset=\"https:\/\/fundacionanitahm.org\/wp-content\/uploads\/2026\/03\/Evelin-934x1024.png 934w, https:\/\/fundacionanitahm.org\/wp-content\/uploads\/2026\/03\/Evelin-274x300.png 274w, https:\/\/fundacionanitahm.org\/wp-content\/uploads\/2026\/03\/Evelin-768x842.png 768w, https:\/\/fundacionanitahm.org\/wp-content\/uploads\/2026\/03\/Evelin.png 1024w\" sizes=\"auto, (max-width: 934px) 100vw, 934px\" \/><div class=\"gs_team_image__overlay\"><\/div><\/a>\t\t\t\t\t\t\n\t\t\t\t\t\t<!-- Overlay -->\n\t\t\t\t\t\t\n\t\t\t\t\t\t<!-- Ribbon -->\n\t\t\t\t\t\t\n\t\t\t\t\t\t\n\t\t\t\t\t<\/div>\n\n\t\t\t\t\t<!-- Member Name -->\n\t\t\t\t\t<div class=\"gs_member_info\">\n\n\t\t\t\t\t\t<!-- Member Name -->\n\t\t\t\t\t\t<div class=\"gs-member-name \"><a itemprop=\"name\" class=\"gs_team_pop open-popup-link\" data-mfp-src=\"#gs_team_popup_418_1\" data-theme=\"gs-team-popup--default\" href=\"#\">Evelin Daza Guzman<\/a><\/div>\t\t\t\t\t\t\n\t\t\t\t\t\t<!-- Member Designation -->\n\t\t\t\t\t\t<div class=\"gs-member-desig\" itemprop=\"jobTitle\">Tesorera<\/div>\n\t\t\t\t\t\t\n\t\t\t\t\t\t<!-- Social Links -->\n\t\t\t\t\t\t<div class=\"single-mem-desc-social\">\n\t\t\t\t\t\t\t\t\t\t\t\t\t<\/div>\n\t\t\t\t\t\t\n\t\t\t\t\t<\/div>\n\n\t\t\t\t<\/div>\n\t\t\t\t\n\t\t\t\t<!-- Popup -->\n\t\t\t\t\n<div id=\"gs_team_popup_418_1\" class=\"gs_team_popup_shortcode_1 white-popup mfp-hide mfp-with-anim gs_team_popup default\">\n    <div class=\"mfp-content--container\">\n        \n    <div class=\"gs_team_popup_left__wrapper\">\n    \n        <!-- Team Image -->\n        <div class=\"gs_team_popup_img\">\n            <img loading=\"lazy\" decoding=\"async\" width=\"934\" height=\"1024\" src=\"https:\/\/fundacionanitahm.org\/wp-content\/uploads\/2026\/03\/Evelin-934x1024.png\" class=\"gs_team_member--image wp-post-image\" alt=\"Evelin Daza Guzman\" itemprop=\"image\" srcset=\"https:\/\/fundacionanitahm.org\/wp-content\/uploads\/2026\/03\/Evelin-934x1024.png 934w, https:\/\/fundacionanitahm.org\/wp-content\/uploads\/2026\/03\/Evelin-274x300.png 274w, https:\/\/fundacionanitahm.org\/wp-content\/uploads\/2026\/03\/Evelin-768x842.png 768w, https:\/\/fundacionanitahm.org\/wp-content\/uploads\/2026\/03\/Evelin.png 1024w\" sizes=\"auto, (max-width: 934px) 100vw, 934px\" \/>                    <\/div>\n\n        <!-- Meta Details -->\n        \n<div class=\"gstm-details\">\n    \n    \n    \n    \n    \n    \n    \n    \n    \n    \n    \n    \n    \n    \n    \n        \n<\/div>\n\n\n    <\/div>\n\n    <div class=\"gs_team_popup_details gs-tm-sicons\">\n        \n        <!-- Single member name -->\n        <h2 class=\"gs-member-name \">Evelin Daza Guzman<\/h2>        \n        <!-- Single member designation -->\n                    <div class=\"gs-member-desig\" itemprop=\"jobTitle\">Tesorera<\/div>\n                    \n        <!-- Social Links -->\n        \n        <!-- Description -->\n        <div class=\"gs-member-desc gs-team--scrollbar\" itemprop=\"description\"><p>Lic. En Auditoria<\/p>\n<\/div>\n        \n        <!-- Skills -->\n        \n    <\/div>\n\n    <\/div>\n<\/div>\n\t\t\t<\/div>\n\n\t\t\n\t\t\t<!-- Start single member -->\n\t\t\t<div class=\"single-member-div gs-col-lg-4 gs-col-md-4 gs-col-sm-6 gs-col-xs-12 single-member-pop cbp-so-section\" >\n\t\t\t\t\n\t\t\t\t<!-- Sehema & Single member wrapper -->\n\t\t\t\t<div class=\"single-member\" itemscope itemtype=\"http:\/\/schema.org\/Person\">\n\n\t\t\t\t\t<span class=\"gs-team-member--zip-codes\" style=\"display:none!important\"><\/span>\t\t\t\t\t\t\n\t\t\t\t\t<!-- Team Image -->\n\t\t\t\t\t<div class=\"gs_team_image__wrapper\">\n\n\t\t\t\t\t\t<!-- Image -->\n\t\t\t\t\t\t<a class=\"gs_team_pop open-popup-link \" data-mfp-src=\"#gs_team_popup_416_1\" data-theme=\"gs-team-popup--default\" href=\"#\"><img loading=\"lazy\" decoding=\"async\" width=\"934\" height=\"1024\" src=\"https:\/\/fundacionanitahm.org\/wp-content\/uploads\/2026\/03\/Orfi-934x1024.png\" class=\"gs_team_member--image wp-post-image\" alt=\"Horfi Isabel Hurtado Vargas\" itemprop=\"image\" srcset=\"https:\/\/fundacionanitahm.org\/wp-content\/uploads\/2026\/03\/Orfi-934x1024.png 934w, https:\/\/fundacionanitahm.org\/wp-content\/uploads\/2026\/03\/Orfi-274x300.png 274w, https:\/\/fundacionanitahm.org\/wp-content\/uploads\/2026\/03\/Orfi-768x842.png 768w, https:\/\/fundacionanitahm.org\/wp-content\/uploads\/2026\/03\/Orfi.png 1024w\" sizes=\"auto, (max-width: 934px) 100vw, 934px\" \/><div class=\"gs_team_image__overlay\"><\/div><\/a>\t\t\t\t\t\t\n\t\t\t\t\t\t<!-- Overlay -->\n\t\t\t\t\t\t\n\t\t\t\t\t\t<!-- Ribbon -->\n\t\t\t\t\t\t\n\t\t\t\t\t\t\n\t\t\t\t\t<\/div>\n\n\t\t\t\t\t<!-- Member Name -->\n\t\t\t\t\t<div class=\"gs_member_info\">\n\n\t\t\t\t\t\t<!-- Member Name -->\n\t\t\t\t\t\t<div class=\"gs-member-name \"><a itemprop=\"name\" class=\"gs_team_pop open-popup-link\" data-mfp-src=\"#gs_team_popup_416_1\" data-theme=\"gs-team-popup--default\" href=\"#\">Horfi Isabel Hurtado Vargas<\/a><\/div>\t\t\t\t\t\t\n\t\t\t\t\t\t<!-- Member Designation -->\n\t\t\t\t\t\t<div class=\"gs-member-desig\" itemprop=\"jobTitle\">Vocal<\/div>\n\t\t\t\t\t\t\n\t\t\t\t\t\t<!-- Social Links -->\n\t\t\t\t\t\t<div class=\"single-mem-desc-social\">\n\t\t\t\t\t\t\t\t\t\t\t\t\t<\/div>\n\t\t\t\t\t\t\n\t\t\t\t\t<\/div>\n\n\t\t\t\t<\/div>\n\t\t\t\t\n\t\t\t\t<!-- Popup -->\n\t\t\t\t\n<div id=\"gs_team_popup_416_1\" class=\"gs_team_popup_shortcode_1 white-popup mfp-hide mfp-with-anim gs_team_popup default\">\n    <div class=\"mfp-content--container\">\n        \n    <div class=\"gs_team_popup_left__wrapper\">\n    \n        <!-- Team Image -->\n        <div class=\"gs_team_popup_img\">\n            <img loading=\"lazy\" decoding=\"async\" width=\"934\" height=\"1024\" src=\"https:\/\/fundacionanitahm.org\/wp-content\/uploads\/2026\/03\/Orfi-934x1024.png\" class=\"gs_team_member--image wp-post-image\" alt=\"Horfi Isabel Hurtado Vargas\" itemprop=\"image\" srcset=\"https:\/\/fundacionanitahm.org\/wp-content\/uploads\/2026\/03\/Orfi-934x1024.png 934w, https:\/\/fundacionanitahm.org\/wp-content\/uploads\/2026\/03\/Orfi-274x300.png 274w, https:\/\/fundacionanitahm.org\/wp-content\/uploads\/2026\/03\/Orfi-768x842.png 768w, https:\/\/fundacionanitahm.org\/wp-content\/uploads\/2026\/03\/Orfi.png 1024w\" sizes=\"auto, (max-width: 934px) 100vw, 934px\" \/>                    <\/div>\n\n        <!-- Meta Details -->\n        \n<div class=\"gstm-details\">\n    \n    \n    \n    \n    \n    \n    \n    \n    \n    \n    \n    \n    \n    \n    \n        \n<\/div>\n\n\n    <\/div>\n\n    <div class=\"gs_team_popup_details gs-tm-sicons\">\n        \n        <!-- Single member name -->\n        <h2 class=\"gs-member-name \">Horfi Isabel Hurtado Vargas<\/h2>        \n        <!-- Single member designation -->\n                    <div class=\"gs-member-desig\" itemprop=\"jobTitle\">Vocal<\/div>\n                    \n        <!-- Social Links -->\n        \n        <!-- Description -->\n        <div class=\"gs-member-desc gs-team--scrollbar\" itemprop=\"description\"><p>Cirujano Dentista<\/p>\n<\/div>\n        \n        <!-- Skills -->\n        \n    <\/div>\n\n    <\/div>\n<\/div>\n\t\t\t<\/div>\n\n\t\t\n\t\t\t<!-- Start single member -->\n\t\t\t<div class=\"single-member-div gs-col-lg-4 gs-col-md-4 gs-col-sm-6 gs-col-xs-12 single-member-pop cbp-so-section\" >\n\t\t\t\t\n\t\t\t\t<!-- Sehema & Single member wrapper -->\n\t\t\t\t<div class=\"single-member\" itemscope itemtype=\"http:\/\/schema.org\/Person\">\n\n\t\t\t\t\t<span class=\"gs-team-member--zip-codes\" style=\"display:none!important\"><\/span>\t\t\t\t\t\t\n\t\t\t\t\t<!-- Team Image -->\n\t\t\t\t\t<div class=\"gs_team_image__wrapper\">\n\n\t\t\t\t\t\t<!-- Image -->\n\t\t\t\t\t\t<a class=\"gs_team_pop open-popup-link \" data-mfp-src=\"#gs_team_popup_415_1\" data-theme=\"gs-team-popup--default\" href=\"#\"><img loading=\"lazy\" decoding=\"async\" width=\"934\" height=\"1024\" src=\"https:\/\/fundacionanitahm.org\/wp-content\/uploads\/2026\/03\/Veronica-934x1024.png\" class=\"gs_team_member--image wp-post-image\" alt=\"Veronica Gonzales Mendoza\" itemprop=\"image\" srcset=\"https:\/\/fundacionanitahm.org\/wp-content\/uploads\/2026\/03\/Veronica-934x1024.png 934w, https:\/\/fundacionanitahm.org\/wp-content\/uploads\/2026\/03\/Veronica-274x300.png 274w, https:\/\/fundacionanitahm.org\/wp-content\/uploads\/2026\/03\/Veronica-768x842.png 768w, https:\/\/fundacionanitahm.org\/wp-content\/uploads\/2026\/03\/Veronica.png 1024w\" sizes=\"auto, (max-width: 934px) 100vw, 934px\" \/><div class=\"gs_team_image__overlay\"><\/div><\/a>\t\t\t\t\t\t\n\t\t\t\t\t\t<!-- Overlay -->\n\t\t\t\t\t\t\n\t\t\t\t\t\t<!-- Ribbon -->\n\t\t\t\t\t\t\n\t\t\t\t\t\t\n\t\t\t\t\t<\/div>\n\n\t\t\t\t\t<!-- Member Name -->\n\t\t\t\t\t<div class=\"gs_member_info\">\n\n\t\t\t\t\t\t<!-- Member Name -->\n\t\t\t\t\t\t<div class=\"gs-member-name \"><a itemprop=\"name\" class=\"gs_team_pop open-popup-link\" data-mfp-src=\"#gs_team_popup_415_1\" data-theme=\"gs-team-popup--default\" href=\"#\">Veronica Gonzales Mendoza<\/a><\/div>\t\t\t\t\t\t\n\t\t\t\t\t\t<!-- Member Designation -->\n\t\t\t\t\t\t<div class=\"gs-member-desig\" itemprop=\"jobTitle\">Vocal<\/div>\n\t\t\t\t\t\t\n\t\t\t\t\t\t<!-- Social Links -->\n\t\t\t\t\t\t<div class=\"single-mem-desc-social\">\n\t\t\t\t\t\t\t\t\t\t\t\t\t<\/div>\n\t\t\t\t\t\t\n\t\t\t\t\t<\/div>\n\n\t\t\t\t<\/div>\n\t\t\t\t\n\t\t\t\t<!-- Popup -->\n\t\t\t\t\n<div id=\"gs_team_popup_415_1\" class=\"gs_team_popup_shortcode_1 white-popup mfp-hide mfp-with-anim gs_team_popup default\">\n    <div class=\"mfp-content--container\">\n        \n    <div class=\"gs_team_popup_left__wrapper\">\n    \n        <!-- Team Image -->\n        <div class=\"gs_team_popup_img\">\n            <img loading=\"lazy\" decoding=\"async\" width=\"934\" height=\"1024\" src=\"https:\/\/fundacionanitahm.org\/wp-content\/uploads\/2026\/03\/Veronica-934x1024.png\" class=\"gs_team_member--image wp-post-image\" alt=\"Veronica Gonzales Mendoza\" itemprop=\"image\" srcset=\"https:\/\/fundacionanitahm.org\/wp-content\/uploads\/2026\/03\/Veronica-934x1024.png 934w, https:\/\/fundacionanitahm.org\/wp-content\/uploads\/2026\/03\/Veronica-274x300.png 274w, https:\/\/fundacionanitahm.org\/wp-content\/uploads\/2026\/03\/Veronica-768x842.png 768w, https:\/\/fundacionanitahm.org\/wp-content\/uploads\/2026\/03\/Veronica.png 1024w\" sizes=\"auto, (max-width: 934px) 100vw, 934px\" \/>                    <\/div>\n\n        <!-- Meta Details -->\n        \n<div class=\"gstm-details\">\n    \n    \n    \n    \n    \n    \n    \n    \n    \n    \n    \n    \n    \n    \n    \n        \n<\/div>\n\n\n    <\/div>\n\n    <div class=\"gs_team_popup_details gs-tm-sicons\">\n        \n        <!-- Single member name -->\n        <h2 class=\"gs-member-name \">Veronica Gonzales Mendoza<\/h2>        \n        <!-- Single member designation -->\n                    <div class=\"gs-member-desig\" itemprop=\"jobTitle\">Vocal<\/div>\n                    \n        <!-- Social Links -->\n        \n        <!-- Description -->\n        <div class=\"gs-member-desc gs-team--scrollbar\" itemprop=\"description\"><p>Abogado<\/p>\n<\/div>\n        \n        <!-- Skills -->\n        \n    <\/div>\n\n    <\/div>\n<\/div>\n\t\t\t<\/div>\n\n\t\t\n\t\t\t<!-- Start single member -->\n\t\t\t<div class=\"single-member-div gs-col-lg-4 gs-col-md-4 gs-col-sm-6 gs-col-xs-12 single-member-pop cbp-so-section\" >\n\t\t\t\t\n\t\t\t\t<!-- Sehema & Single member wrapper -->\n\t\t\t\t<div class=\"single-member\" itemscope itemtype=\"http:\/\/schema.org\/Person\">\n\n\t\t\t\t\t<span class=\"gs-team-member--zip-codes\" style=\"display:none!important\"><\/span>\t\t\t\t\t\t\n\t\t\t\t\t<!-- Team Image -->\n\t\t\t\t\t<div class=\"gs_team_image__wrapper\">\n\n\t\t\t\t\t\t<!-- Image -->\n\t\t\t\t\t\t<a class=\"gs_team_pop open-popup-link \" data-mfp-src=\"#gs_team_popup_414_1\" data-theme=\"gs-team-popup--default\" href=\"#\"><img loading=\"lazy\" decoding=\"async\" width=\"934\" height=\"1024\" src=\"https:\/\/fundacionanitahm.org\/wp-content\/uploads\/2026\/03\/Guery-1-934x1024.png\" class=\"gs_team_member--image wp-post-image\" alt=\"Augusto Guery Sandoval Pedrazas\" itemprop=\"image\" srcset=\"https:\/\/fundacionanitahm.org\/wp-content\/uploads\/2026\/03\/Guery-1-934x1024.png 934w, https:\/\/fundacionanitahm.org\/wp-content\/uploads\/2026\/03\/Guery-1-274x300.png 274w, https:\/\/fundacionanitahm.org\/wp-content\/uploads\/2026\/03\/Guery-1-768x842.png 768w, https:\/\/fundacionanitahm.org\/wp-content\/uploads\/2026\/03\/Guery-1.png 1024w\" sizes=\"auto, (max-width: 934px) 100vw, 934px\" \/><div class=\"gs_team_image__overlay\"><\/div><\/a>\t\t\t\t\t\t\n\t\t\t\t\t\t<!-- Overlay -->\n\t\t\t\t\t\t\n\t\t\t\t\t\t<!-- Ribbon -->\n\t\t\t\t\t\t\n\t\t\t\t\t\t\n\t\t\t\t\t<\/div>\n\n\t\t\t\t\t<!-- Member Name -->\n\t\t\t\t\t<div class=\"gs_member_info\">\n\n\t\t\t\t\t\t<!-- Member Name -->\n\t\t\t\t\t\t<div class=\"gs-member-name \"><a itemprop=\"name\" class=\"gs_team_pop open-popup-link\" data-mfp-src=\"#gs_team_popup_414_1\" data-theme=\"gs-team-popup--default\" href=\"#\">Augusto Guery Sandoval Pedrazas<\/a><\/div>\t\t\t\t\t\t\n\t\t\t\t\t\t<!-- Member Designation -->\n\t\t\t\t\t\t<div class=\"gs-member-desig\" itemprop=\"jobTitle\">Vocal<\/div>\n\t\t\t\t\t\t\n\t\t\t\t\t\t<!-- Social Links -->\n\t\t\t\t\t\t<div class=\"single-mem-desc-social\">\n\t\t\t\t\t\t\t\t\t\t\t\t\t<\/div>\n\t\t\t\t\t\t\n\t\t\t\t\t<\/div>\n\n\t\t\t\t<\/div>\n\t\t\t\t\n\t\t\t\t<!-- Popup -->\n\t\t\t\t\n<div id=\"gs_team_popup_414_1\" class=\"gs_team_popup_shortcode_1 white-popup mfp-hide mfp-with-anim gs_team_popup default\">\n    <div class=\"mfp-content--container\">\n        \n    <div class=\"gs_team_popup_left__wrapper\">\n    \n        <!-- Team Image -->\n        <div class=\"gs_team_popup_img\">\n            <img loading=\"lazy\" decoding=\"async\" width=\"934\" height=\"1024\" src=\"https:\/\/fundacionanitahm.org\/wp-content\/uploads\/2026\/03\/Guery-1-934x1024.png\" class=\"gs_team_member--image wp-post-image\" alt=\"Augusto Guery Sandoval Pedrazas\" itemprop=\"image\" srcset=\"https:\/\/fundacionanitahm.org\/wp-content\/uploads\/2026\/03\/Guery-1-934x1024.png 934w, https:\/\/fundacionanitahm.org\/wp-content\/uploads\/2026\/03\/Guery-1-274x300.png 274w, https:\/\/fundacionanitahm.org\/wp-content\/uploads\/2026\/03\/Guery-1-768x842.png 768w, https:\/\/fundacionanitahm.org\/wp-content\/uploads\/2026\/03\/Guery-1.png 1024w\" sizes=\"auto, (max-width: 934px) 100vw, 934px\" \/>                    <\/div>\n\n        <!-- Meta Details -->\n        \n<div class=\"gstm-details\">\n    \n    \n    \n    \n    \n    \n    \n    \n    \n    \n    \n    \n    \n    \n    \n        \n<\/div>\n\n\n    <\/div>\n\n    <div class=\"gs_team_popup_details gs-tm-sicons\">\n        \n        <!-- Single member name -->\n        <h2 class=\"gs-member-name \">Augusto Guery Sandoval Pedrazas<\/h2>        \n        <!-- Single member designation -->\n                    <div class=\"gs-member-desig\" itemprop=\"jobTitle\">Vocal<\/div>\n                    \n        <!-- Social Links -->\n        \n        <!-- Description -->\n        <div class=\"gs-member-desc gs-team--scrollbar\" itemprop=\"description\"><p>Microempresario<\/p>\n<\/div>\n        \n        <!-- Skills -->\n        \n    <\/div>\n\n    <\/div>\n<\/div>\n\t\t\t<\/div>\n\n\t\t\n\t\t\t<!-- Start single member -->\n\t\t\t<div class=\"single-member-div gs-col-lg-4 gs-col-md-4 gs-col-sm-6 gs-col-xs-12 single-member-pop cbp-so-section\" >\n\t\t\t\t\n\t\t\t\t<!-- Sehema & Single member wrapper -->\n\t\t\t\t<div class=\"single-member\" itemscope itemtype=\"http:\/\/schema.org\/Person\">\n\n\t\t\t\t\t<span class=\"gs-team-member--zip-codes\" style=\"display:none!important\"><\/span>\t\t\t\t\t\t\n\t\t\t\t\t<!-- Team Image -->\n\t\t\t\t\t<div class=\"gs_team_image__wrapper\">\n\n\t\t\t\t\t\t<!-- Image -->\n\t\t\t\t\t\t<a class=\"gs_team_pop open-popup-link \" data-mfp-src=\"#gs_team_popup_413_1\" data-theme=\"gs-team-popup--default\" href=\"#\"><img loading=\"lazy\" decoding=\"async\" width=\"934\" height=\"1024\" src=\"https:\/\/fundacionanitahm.org\/wp-content\/uploads\/2026\/03\/Celia-934x1024.png\" class=\"gs_team_member--image wp-post-image\" alt=\"Celia Urquizo De Montenegro\" itemprop=\"image\" srcset=\"https:\/\/fundacionanitahm.org\/wp-content\/uploads\/2026\/03\/Celia-934x1024.png 934w, https:\/\/fundacionanitahm.org\/wp-content\/uploads\/2026\/03\/Celia-274x300.png 274w, https:\/\/fundacionanitahm.org\/wp-content\/uploads\/2026\/03\/Celia-768x842.png 768w, https:\/\/fundacionanitahm.org\/wp-content\/uploads\/2026\/03\/Celia.png 1024w\" sizes=\"auto, (max-width: 934px) 100vw, 934px\" \/><div class=\"gs_team_image__overlay\"><\/div><\/a>\t\t\t\t\t\t\n\t\t\t\t\t\t<!-- Overlay -->\n\t\t\t\t\t\t\n\t\t\t\t\t\t<!-- Ribbon -->\n\t\t\t\t\t\t\n\t\t\t\t\t\t\n\t\t\t\t\t<\/div>\n\n\t\t\t\t\t<!-- Member Name -->\n\t\t\t\t\t<div class=\"gs_member_info\">\n\n\t\t\t\t\t\t<!-- Member Name -->\n\t\t\t\t\t\t<div class=\"gs-member-name \"><a itemprop=\"name\" class=\"gs_team_pop open-popup-link\" data-mfp-src=\"#gs_team_popup_413_1\" data-theme=\"gs-team-popup--default\" href=\"#\">Celia Urquizo De Montenegro<\/a><\/div>\t\t\t\t\t\t\n\t\t\t\t\t\t<!-- Member Designation -->\n\t\t\t\t\t\t<div class=\"gs-member-desig\" itemprop=\"jobTitle\">S\u00edndico<\/div>\n\t\t\t\t\t\t\n\t\t\t\t\t\t<!-- Social Links -->\n\t\t\t\t\t\t<div class=\"single-mem-desc-social\">\n\t\t\t\t\t\t\t\t\t\t\t\t\t<\/div>\n\t\t\t\t\t\t\n\t\t\t\t\t<\/div>\n\n\t\t\t\t<\/div>\n\t\t\t\t\n\t\t\t\t<!-- Popup -->\n\t\t\t\t\n<div id=\"gs_team_popup_413_1\" class=\"gs_team_popup_shortcode_1 white-popup mfp-hide mfp-with-anim gs_team_popup default\">\n    <div class=\"mfp-content--container\">\n        \n    <div class=\"gs_team_popup_left__wrapper\">\n    \n        <!-- Team Image -->\n        <div class=\"gs_team_popup_img\">\n            <img loading=\"lazy\" decoding=\"async\" width=\"934\" height=\"1024\" src=\"https:\/\/fundacionanitahm.org\/wp-content\/uploads\/2026\/03\/Celia-934x1024.png\" class=\"gs_team_member--image wp-post-image\" alt=\"Celia Urquizo De Montenegro\" itemprop=\"image\" srcset=\"https:\/\/fundacionanitahm.org\/wp-content\/uploads\/2026\/03\/Celia-934x1024.png 934w, https:\/\/fundacionanitahm.org\/wp-content\/uploads\/2026\/03\/Celia-274x300.png 274w, https:\/\/fundacionanitahm.org\/wp-content\/uploads\/2026\/03\/Celia-768x842.png 768w, https:\/\/fundacionanitahm.org\/wp-content\/uploads\/2026\/03\/Celia.png 1024w\" sizes=\"auto, (max-width: 934px) 100vw, 934px\" \/>                    <\/div>\n\n        <!-- Meta Details -->\n        \n<div class=\"gstm-details\">\n    \n    \n    \n    \n    \n    \n    \n    \n    \n    \n    \n    \n    \n    \n    \n        \n<\/div>\n\n\n    <\/div>\n\n    <div class=\"gs_team_popup_details gs-tm-sicons\">\n        \n        <!-- Single member name -->\n        <h2 class=\"gs-member-name \">Celia Urquizo De Montenegro<\/h2>        \n        <!-- Single member designation -->\n                    <div class=\"gs-member-desig\" itemprop=\"jobTitle\">S\u00edndico<\/div>\n                    \n        <!-- Social Links -->\n        \n        <!-- Description -->\n        <div class=\"gs-member-desc gs-team--scrollbar\" itemprop=\"description\"><p>Comerciante<\/p>\n<\/div>\n        \n        <!-- Skills -->\n        \n    <\/div>\n\n    <\/div>\n<\/div>\n\t\t\t<\/div>\n\n\t\t\n\t\t\t<!-- Start single member -->\n\t\t\t<div class=\"single-member-div gs-col-lg-4 gs-col-md-4 gs-col-sm-6 gs-col-xs-12 single-member-pop cbp-so-section\" >\n\t\t\t\t\n\t\t\t\t<!-- Sehema & Single member wrapper -->\n\t\t\t\t<div class=\"single-member\" itemscope itemtype=\"http:\/\/schema.org\/Person\">\n\n\t\t\t\t\t<span class=\"gs-team-member--zip-codes\" style=\"display:none!important\"><\/span>\t\t\t\t\t\t\n\t\t\t\t\t<!-- Team Image -->\n\t\t\t\t\t<div class=\"gs_team_image__wrapper\">\n\n\t\t\t\t\t\t<!-- Image -->\n\t\t\t\t\t\t<a class=\"gs_team_pop open-popup-link \" data-mfp-src=\"#gs_team_popup_412_1\" data-theme=\"gs-team-popup--default\" href=\"#\"><img loading=\"lazy\" decoding=\"async\" width=\"934\" height=\"1024\" src=\"https:\/\/fundacionanitahm.org\/wp-content\/uploads\/2026\/03\/Ester-934x1024.png\" class=\"gs_team_member--image wp-post-image\" alt=\"Esther Gonzales Vasquez\" itemprop=\"image\" srcset=\"https:\/\/fundacionanitahm.org\/wp-content\/uploads\/2026\/03\/Ester-934x1024.png 934w, https:\/\/fundacionanitahm.org\/wp-content\/uploads\/2026\/03\/Ester-274x300.png 274w, https:\/\/fundacionanitahm.org\/wp-content\/uploads\/2026\/03\/Ester-768x842.png 768w, https:\/\/fundacionanitahm.org\/wp-content\/uploads\/2026\/03\/Ester.png 1024w\" sizes=\"auto, (max-width: 934px) 100vw, 934px\" \/><div class=\"gs_team_image__overlay\"><\/div><\/a>\t\t\t\t\t\t\n\t\t\t\t\t\t<!-- Overlay -->\n\t\t\t\t\t\t\n\t\t\t\t\t\t<!-- Ribbon -->\n\t\t\t\t\t\t\n\t\t\t\t\t\t\n\t\t\t\t\t<\/div>\n\n\t\t\t\t\t<!-- Member Name -->\n\t\t\t\t\t<div class=\"gs_member_info\">\n\n\t\t\t\t\t\t<!-- Member Name -->\n\t\t\t\t\t\t<div class=\"gs-member-name \"><a itemprop=\"name\" class=\"gs_team_pop open-popup-link\" data-mfp-src=\"#gs_team_popup_412_1\" data-theme=\"gs-team-popup--default\" href=\"#\">Esther Gonzales Vasquez<\/a><\/div>\t\t\t\t\t\t\n\t\t\t\t\t\t<!-- Member Designation -->\n\t\t\t\t\t\t<div class=\"gs-member-desig\" itemprop=\"jobTitle\">Directora Ejecutiva<\/div>\n\t\t\t\t\t\t\n\t\t\t\t\t\t<!-- Social Links -->\n\t\t\t\t\t\t<div class=\"single-mem-desc-social\">\n\t\t\t\t\t\t\t\t\t\t\t\t\t<\/div>\n\t\t\t\t\t\t\n\t\t\t\t\t<\/div>\n\n\t\t\t\t<\/div>\n\t\t\t\t\n\t\t\t\t<!-- Popup -->\n\t\t\t\t\n<div id=\"gs_team_popup_412_1\" class=\"gs_team_popup_shortcode_1 white-popup mfp-hide mfp-with-anim gs_team_popup default\">\n    <div class=\"mfp-content--container\">\n        \n    <div class=\"gs_team_popup_left__wrapper\">\n    \n        <!-- Team Image -->\n        <div class=\"gs_team_popup_img\">\n            <img loading=\"lazy\" decoding=\"async\" width=\"934\" height=\"1024\" src=\"https:\/\/fundacionanitahm.org\/wp-content\/uploads\/2026\/03\/Ester-934x1024.png\" class=\"gs_team_member--image wp-post-image\" alt=\"Esther Gonzales Vasquez\" itemprop=\"image\" srcset=\"https:\/\/fundacionanitahm.org\/wp-content\/uploads\/2026\/03\/Ester-934x1024.png 934w, https:\/\/fundacionanitahm.org\/wp-content\/uploads\/2026\/03\/Ester-274x300.png 274w, https:\/\/fundacionanitahm.org\/wp-content\/uploads\/2026\/03\/Ester-768x842.png 768w, https:\/\/fundacionanitahm.org\/wp-content\/uploads\/2026\/03\/Ester.png 1024w\" sizes=\"auto, (max-width: 934px) 100vw, 934px\" \/>                    <\/div>\n\n        <!-- Meta Details -->\n        \n<div class=\"gstm-details\">\n    \n    \n    \n    \n    \n    \n    \n    \n    \n    \n    \n    \n    \n    \n    \n        \n<\/div>\n\n\n    <\/div>\n\n    <div class=\"gs_team_popup_details gs-tm-sicons\">\n        \n        <!-- Single member name -->\n        <h2 class=\"gs-member-name \">Esther Gonzales Vasquez<\/h2>        \n        <!-- Single member designation -->\n                    <div class=\"gs-member-desig\" itemprop=\"jobTitle\">Directora Ejecutiva<\/div>\n                    \n        <!-- Social Links -->\n        \n        <!-- Description -->\n        <div class=\"gs-member-desc gs-team--scrollbar\" itemprop=\"description\"><p>Msc. Direcci\u00f3n De Marketing \/ Ing. Comercial<\/p>\n<p>&nbsp;<\/p>\n<\/div>\n        \n        <!-- Skills -->\n        \n    <\/div>\n\n    <\/div>\n<\/div>\n\t\t\t<\/div>\n\n\t\t\n\t\t\t<!-- Start single member -->\n\t\t\t<div class=\"single-member-div gs-col-lg-4 gs-col-md-4 gs-col-sm-6 gs-col-xs-12 single-member-pop cbp-so-section\" >\n\t\t\t\t\n\t\t\t\t<!-- Sehema & Single member wrapper -->\n\t\t\t\t<div class=\"single-member\" itemscope itemtype=\"http:\/\/schema.org\/Person\">\n\n\t\t\t\t\t<span class=\"gs-team-member--zip-codes\" style=\"display:none!important\"><\/span>\t\t\t\t\t\t\n\t\t\t\t\t<!-- Team Image -->\n\t\t\t\t\t<div class=\"gs_team_image__wrapper\">\n\n\t\t\t\t\t\t<!-- Image -->\n\t\t\t\t\t\t<a class=\"gs_team_pop open-popup-link \" data-mfp-src=\"#gs_team_popup_410_1\" data-theme=\"gs-team-popup--default\" href=\"#\"><img loading=\"lazy\" decoding=\"async\" width=\"934\" height=\"1024\" src=\"https:\/\/fundacionanitahm.org\/wp-content\/uploads\/2026\/03\/Edilit-934x1024.png\" class=\"gs_team_member--image wp-post-image\" alt=\"Edilid Melendres De Heredia\" itemprop=\"image\" srcset=\"https:\/\/fundacionanitahm.org\/wp-content\/uploads\/2026\/03\/Edilit-934x1024.png 934w, https:\/\/fundacionanitahm.org\/wp-content\/uploads\/2026\/03\/Edilit-274x300.png 274w, https:\/\/fundacionanitahm.org\/wp-content\/uploads\/2026\/03\/Edilit-768x842.png 768w, https:\/\/fundacionanitahm.org\/wp-content\/uploads\/2026\/03\/Edilit.png 1024w\" sizes=\"auto, (max-width: 934px) 100vw, 934px\" \/><div class=\"gs_team_image__overlay\"><\/div><\/a>\t\t\t\t\t\t\n\t\t\t\t\t\t<!-- Overlay -->\n\t\t\t\t\t\t\n\t\t\t\t\t\t<!-- Ribbon -->\n\t\t\t\t\t\t\n\t\t\t\t\t\t\n\t\t\t\t\t<\/div>\n\n\t\t\t\t\t<!-- Member Name -->\n\t\t\t\t\t<div class=\"gs_member_info\">\n\n\t\t\t\t\t\t<!-- Member Name -->\n\t\t\t\t\t\t<div class=\"gs-member-name \"><a itemprop=\"name\" class=\"gs_team_pop open-popup-link\" data-mfp-src=\"#gs_team_popup_410_1\" data-theme=\"gs-team-popup--default\" href=\"#\">Edilid Melendres De Heredia<\/a><\/div>\t\t\t\t\t\t\n\t\t\t\t\t\t<!-- Member Designation -->\n\t\t\t\t\t\t<div class=\"gs-member-desig\" itemprop=\"jobTitle\">Directora Administrativa<\/div>\n\t\t\t\t\t\t\n\t\t\t\t\t\t<!-- Social Links -->\n\t\t\t\t\t\t<div class=\"single-mem-desc-social\">\n\t\t\t\t\t\t\t\t\t\t\t\t\t<\/div>\n\t\t\t\t\t\t\n\t\t\t\t\t<\/div>\n\n\t\t\t\t<\/div>\n\t\t\t\t\n\t\t\t\t<!-- Popup -->\n\t\t\t\t\n<div id=\"gs_team_popup_410_1\" class=\"gs_team_popup_shortcode_1 white-popup mfp-hide mfp-with-anim gs_team_popup default\">\n    <div class=\"mfp-content--container\">\n        \n    <div class=\"gs_team_popup_left__wrapper\">\n    \n        <!-- Team Image -->\n        <div class=\"gs_team_popup_img\">\n            <img loading=\"lazy\" decoding=\"async\" width=\"934\" height=\"1024\" src=\"https:\/\/fundacionanitahm.org\/wp-content\/uploads\/2026\/03\/Edilit-934x1024.png\" class=\"gs_team_member--image wp-post-image\" alt=\"Edilid Melendres De Heredia\" itemprop=\"image\" srcset=\"https:\/\/fundacionanitahm.org\/wp-content\/uploads\/2026\/03\/Edilit-934x1024.png 934w, https:\/\/fundacionanitahm.org\/wp-content\/uploads\/2026\/03\/Edilit-274x300.png 274w, https:\/\/fundacionanitahm.org\/wp-content\/uploads\/2026\/03\/Edilit-768x842.png 768w, https:\/\/fundacionanitahm.org\/wp-content\/uploads\/2026\/03\/Edilit.png 1024w\" sizes=\"auto, (max-width: 934px) 100vw, 934px\" \/>                    <\/div>\n\n        <!-- Meta Details -->\n        \n<div class=\"gstm-details\">\n    \n    \n    \n    \n    \n    \n    \n    \n    \n    \n    \n    \n    \n    \n    \n        \n<\/div>\n\n\n    <\/div>\n\n    <div class=\"gs_team_popup_details gs-tm-sicons\">\n        \n        <!-- Single member name -->\n        <h2 class=\"gs-member-name \">Edilid Melendres De Heredia<\/h2>        \n        <!-- Single member designation -->\n                    <div class=\"gs-member-desig\" itemprop=\"jobTitle\">Directora Administrativa<\/div>\n                    \n        <!-- Social Links -->\n        \n        <!-- Description -->\n        <div class=\"gs-member-desc gs-team--scrollbar\" itemprop=\"description\"><p>Empleada<\/p>\n<\/div>\n        \n        <!-- Skills -->\n        \n    <\/div>\n\n    <\/div>\n<\/div>\n\t\t\t<\/div>\n\n\t\t\n\t\t\t\n\t\t\n\t\t<!-- Drawer Contents -->\n\t\t\n\t<\/div>\n\n\t<!-- Pagination -->\n\t\n<\/div>\n\n<!-- Panel -->\n\t\n\t\t<\/div>\n\t\t\n\t\t<style>#gs_team_area_1 .gs-team-filter-cats{text-align:center}<\/style>\n","protected":false},"excerpt":{"rendered":"<p>MENSAJE DEL DIRECTORIO Estimados colaboradores, aliados, voluntarios y amigos de la Fundaci\u00f3n: El a\u00f1o 2024 ha sido un periodo de grandes desaf\u00edos y tambi\u00e9n de significativos logros para la Fundaci\u00f3n Anita Heredia Melendres. En un contexto marcado por la crisis econ\u00f3mica, pol\u00edtica y social que atraviesa nuestro pa\u00eds, y que ha llevado a muchas familias a migrar en busca de mejores oportunidades\u2014 , nuestra Fundaci\u00f3n se ha mantenido firme en su compromiso de brindar acompa\u00f1amiento integral a ni\u00f1os, adolescentes y j\u00f3venes de escasos recursos. Nos llena de alegr\u00eda compartir que durante este a\u00f1o hemos logrado atender a 619 ni\u00f1as, ni\u00f1os, adolescentes y j\u00f3venes, apoy\u00e1ndoles en su desarrollo social, educativo y de salud, a trav\u00e9s de nuestros dos proyectos en convenio con Compassion. Adem\u00e1s, celebramos con orgullo la promoci\u00f3n de 24 j\u00f3venes que han finalizado su proceso en el programa, de los cuales 3 con excelencia, marcando una nueva etapa en [&hellip;]<\/p>\n","protected":false},"author":1,"featured_media":0,"parent":0,"menu_order":0,"comment_status":"closed","ping_status":"closed","template":"","meta":{"footnotes":""},"class_list":["post-3","page","type-page","status-publish","hentry"],"_links":{"self":[{"href":"https:\/\/fundacionanitahm.org\/index.php?rest_route=\/wp\/v2\/pages\/3","targetHints":{"allow":["GET"]}}],"collection":[{"href":"https:\/\/fundacionanitahm.org\/index.php?rest_route=\/wp\/v2\/pages"}],"about":[{"href":"https:\/\/fundacionanitahm.org\/index.php?rest_route=\/wp\/v2\/types\/page"}],"author":[{"embeddable":true,"href":"https:\/\/fundacionanitahm.org\/index.php?rest_route=\/wp\/v2\/users\/1"}],"replies":[{"embeddable":true,"href":"https:\/\/fundacionanitahm.org\/index.php?rest_route=%2Fwp%2Fv2%2Fcomments&post=3"}],"version-history":[{"count":18,"href":"https:\/\/fundacionanitahm.org\/index.php?rest_route=\/wp\/v2\/pages\/3\/revisions"}],"predecessor-version":[{"id":407,"href":"https:\/\/fundacionanitahm.org\/index.php?rest_route=\/wp\/v2\/pages\/3\/revisions\/407"}],"wp:attachment":[{"href":"https:\/\/fundacionanitahm.org\/index.php?rest_route=%2Fwp%2Fv2%2Fmedia&parent=3"}],"curies":[{"name":"wp","href":"https:\/\/api.w.org\/{rel}","templated":true}]}}